{"id":299,"date":"2022-02-21T15:29:22","date_gmt":"2022-02-21T14:29:22","guid":{"rendered":"https:\/\/freihof-sulgen.ch\/?page_id=299"},"modified":"2022-03-29T21:24:40","modified_gmt":"2022-03-29T19:24:40","slug":"news-2","status":"publish","type":"page","link":"https:\/\/freihof-sulgen.ch\/?page_id=299","title":{"rendered":"News"},"content":{"rendered":"\n<div class=\"wp-block-query is-layout-flow wp-block-query-is-layout-flow\"><ul class=\"wp-block-post-template is-layout-flow wp-block-post-template-is-layout-flow\"><li class=\"wp-block-post post-744 post type-post status-publish format-standard hentry category-aktuell category-news\">\n<h2 class=\"has-text-align-center wp-block-post-title\">Geburtstagsgr\u00fcsse am Radio<\/h2>\n\n<div class=\"entry-content wp-block-post-content is-layout-flow wp-block-post-content-is-layout-flow\">\n<p class=\"has-text-align-center\">Vielen lieben Dank an Eveline und unsere \u00d6rgeligruppe f\u00fcr die lieben Geburtstagsw\u00fcnsche! Was f\u00fcr eine sch\u00f6ne \u00dcberraschung!<\/p>\n\n\n\n<figure class=\"wp-block-audio\"><audio controls src=\"https:\/\/freihof-sulgen.ch\/wp-content\/uploads\/2026\/03\/AUDIO-2026-02-26-10-06-08.aac\"><\/audio><\/figure>\n<\/div>\n\n\n<hr class=\"wp-block-separator is-style-dots\"\/>\n\n<\/li><li class=\"wp-block-post post-724 post type-post status-publish format-standard hentry category-news\">\n<h2 class=\"has-text-align-center wp-block-post-title\">Jassturnier 2026<\/h2>\n\n<div class=\"entry-content wp-block-post-content is-layout-flow wp-block-post-content-is-layout-flow\">\n<p class=\"has-text-align-center\">Am <strong>7. Februar 2026<\/strong> findet bereits di 3. Usgob vo \u00fcsem Jassturnier statt. Noch em riese Erfolg im 2024 und 2025 freued mir \u00fcs scho jetzt uf vieli Teilnehmendi f\u00fcr \u00e4 l\u00e4ssigs Jassturnier bi \u00fcs im Freihof Sulge. Wiiteri Informatione uf em Flyer:<\/p>\n\n\n<div class=\"wp-block-image is-style-default\">\n<figure class=\"aligncenter size-large\"><img loading=\"lazy\" decoding=\"async\" width=\"724\" height=\"1024\" src=\"https:\/\/freihof-sulgen.ch\/wp-content\/uploads\/2025\/12\/2026-Jassturnier-DIN-2-724x1024.png\" alt=\"\" class=\"wp-image-727\" srcset=\"https:\/\/freihof-sulgen.ch\/wp-content\/uploads\/2025\/12\/2026-Jassturnier-DIN-2-724x1024.png 724w, https:\/\/freihof-sulgen.ch\/wp-content\/uploads\/2025\/12\/2026-Jassturnier-DIN-2-212x300.png 212w, https:\/\/freihof-sulgen.ch\/wp-content\/uploads\/2025\/12\/2026-Jassturnier-DIN-2-768x1086.png 768w, https:\/\/freihof-sulgen.ch\/wp-content\/uploads\/2025\/12\/2026-Jassturnier-DIN-2-1086x1536.png 1086w, https:\/\/freihof-sulgen.ch\/wp-content\/uploads\/2025\/12\/2026-Jassturnier-DIN-2-1200x1697.png 1200w, https:\/\/freihof-sulgen.ch\/wp-content\/uploads\/2025\/12\/2026-Jassturnier-DIN-2.png 1240w\" sizes=\"(max-width: 724px) 100vw, 724px\" \/><\/figure><\/div><\/div>\n\n\n<hr class=\"wp-block-separator is-style-dots\"\/>\n\n<\/li><li class=\"wp-block-post post-715 post type-post status-publish format-standard hentry category-aktuell category-news\">\n<h2 class=\"has-text-align-center wp-block-post-title\">Gr\u00fcsse per Radio<\/h2>\n\n<div class=\"entry-content wp-block-post-content is-layout-flow wp-block-post-content-is-layout-flow\">\n<p class=\"has-text-align-center\">Viele Dank f\u00fcr di li\u00e4b\u00e4 Gr\u00fc\u00e4ss per Radio Eveline Zihlmann. \u00dcs freuts sehr, dass ihr bi \u00fcs ch\u00f6m\u00e4d go \u00f6rgele! Egal ob bim Probe oder a de Stubete, sind ihr immer herzlich willkomm\u00e4.<\/p>\n\n\n\n<p class=\"has-text-align-center\">Ausschnitt aus dem Wunschkonzert bei Radio Eviva am 3.12.25<\/p>\n\n\n\n<figure class=\"wp-block-audio\"><audio controls src=\"https:\/\/freihof-sulgen.ch\/wp-content\/uploads\/2025\/12\/WhatsApp-Audio-2025-12-03-at-23.25.57.aac\"><\/audio><\/figure>\n<\/div>\n\n\n<hr class=\"wp-block-separator is-style-dots\"\/>\n\n<\/li><li class=\"wp-block-post post-700 post type-post status-publish format-standard hentry category-news\">\n<h2 class=\"has-text-align-center wp-block-post-title\">Wortakrobatik<\/h2>\n\n<div class=\"entry-content wp-block-post-content is-layout-flow wp-block-post-content-is-layout-flow\">\n<p class=\"has-text-align-center\">Am<strong> 18. Oktober 2025<\/strong> isch \u00e4s wieder sowiit: D\u00e4 bekannti Eventpoet <strong>Christoph Sutter<\/strong> git als Wortakrobat diversi Vers zum Best\u00e4,<br>Mir freued \u00fcs riesig uf en Obig voller Humor in Reimform!<br>Kulinarisch werded ihr miteme <strong>5-Gang-Men\u00fc <\/strong>verw\u00f6hnt, wo d&#8217;Chuchisch\u00e4ffin Joli z\u00e4me mit ihrem Team f\u00fcr eu mit viel Li\u00e4bi vorbereitet.<\/p>\n\n\n\n<p class=\"has-text-align-center\"><strong>Meld dich jetzt a<\/strong>; d&#8217;Platzzahl isch beschr\u00e4nkt. Mir freued \u00fcs uf en wundervoll\u00e4 Obig voller Poesie und feinem \u00c4ss\u00e4!<\/p>\n\n\n\n<p class=\"has-text-align-center\">Nur mit Vorameldig!<\/p>\n\n\n<div class=\"wp-block-image is-style-default\">\n<figure class=\"aligncenter size-large\"><img loading=\"lazy\" decoding=\"async\" width=\"724\" height=\"1024\" src=\"https:\/\/freihof-sulgen.ch\/wp-content\/uploads\/2025\/09\/1-1-724x1024.png\" alt=\"\" class=\"wp-image-702\" srcset=\"https:\/\/freihof-sulgen.ch\/wp-content\/uploads\/2025\/09\/1-1-724x1024.png 724w, https:\/\/freihof-sulgen.ch\/wp-content\/uploads\/2025\/09\/1-1-212x300.png 212w, https:\/\/freihof-sulgen.ch\/wp-content\/uploads\/2025\/09\/1-1-768x1086.png 768w, https:\/\/freihof-sulgen.ch\/wp-content\/uploads\/2025\/09\/1-1-1086x1536.png 1086w, https:\/\/freihof-sulgen.ch\/wp-content\/uploads\/2025\/09\/1-1-1200x1697.png 1200w, https:\/\/freihof-sulgen.ch\/wp-content\/uploads\/2025\/09\/1-1.png 1240w\" sizes=\"(max-width: 724px) 100vw, 724px\" \/><\/figure><\/div><\/div>\n\n\n<hr class=\"wp-block-separator is-style-dots\"\/>\n\n<\/li><li class=\"wp-block-post post-676 post type-post status-publish format-standard hentry category-news\">\n<h2 class=\"has-text-align-center wp-block-post-title\">Pizzaplausch<\/h2>\n\n<div class=\"entry-content wp-block-post-content is-layout-flow wp-block-post-content-is-layout-flow\">\n<p class=\"has-text-align-center\">\u00dcsi Pizzajoli macht superfeini Pizzas im Steiofe und ihr ch\u00f6nd so viel \u00e4sse, wie ihr w\u00f6nd. Zudem gits e Salotbuffet und Dessert. <\/p>\n\n\n\n<p class=\"has-text-align-center\">Ameldig erw\u00fcnscht!<\/p>\n\n\n\n<figure class=\"wp-block-image size-large\"><img loading=\"lazy\" decoding=\"async\" width=\"724\" height=\"1024\" src=\"https:\/\/freihof-sulgen.ch\/wp-content\/uploads\/2025\/04\/511b4c5d-cfa3-48da-bd69-92e0493beb70-1-724x1024.jpg\" class=\"wp-image-675\" srcset=\"https:\/\/freihof-sulgen.ch\/wp-content\/uploads\/2025\/04\/511b4c5d-cfa3-48da-bd69-92e0493beb70-1-724x1024.jpg 724w, https:\/\/freihof-sulgen.ch\/wp-content\/uploads\/2025\/04\/511b4c5d-cfa3-48da-bd69-92e0493beb70-1-212x300.jpg 212w, https:\/\/freihof-sulgen.ch\/wp-content\/uploads\/2025\/04\/511b4c5d-cfa3-48da-bd69-92e0493beb70-1-768x1086.jpg 768w, https:\/\/freihof-sulgen.ch\/wp-content\/uploads\/2025\/04\/511b4c5d-cfa3-48da-bd69-92e0493beb70-1-1087x1536.jpg 1087w, https:\/\/freihof-sulgen.ch\/wp-content\/uploads\/2025\/04\/511b4c5d-cfa3-48da-bd69-92e0493beb70-1-1200x1696.jpg 1200w, https:\/\/freihof-sulgen.ch\/wp-content\/uploads\/2025\/04\/511b4c5d-cfa3-48da-bd69-92e0493beb70-1.jpg 1415w\" sizes=\"(max-width: 724px) 100vw, 724px\" \/><\/figure>\n<\/div>\n\n\n<hr class=\"wp-block-separator is-style-dots\"\/>\n\n<\/li><li class=\"wp-block-post post-673 post type-post status-publish format-standard hentry category-news\">\n<h2 class=\"has-text-align-center wp-block-post-title\">\u00dcber Ostere gschlosse<\/h2>\n\n<div class=\"entry-content wp-block-post-content is-layout-flow wp-block-post-content-is-layout-flow\">\n<p>Karfriitig und Osterm\u00e4ntig gschloss\u00e4.<\/p>\n\n\n<div class=\"wp-block-image\">\n<figure class=\"aligncenter size-large\"><img loading=\"lazy\" decoding=\"async\" width=\"300\" height=\"252\" src=\"https:\/\/freihof-sulgen.ch\/wp-content\/uploads\/2025\/04\/9db198a8-3321-4281-9775-6cd23d2a6a3e-1-300x252.jpg\" class=\"wp-image-672\" srcset=\"https:\/\/freihof-sulgen.ch\/wp-content\/uploads\/2025\/04\/9db198a8-3321-4281-9775-6cd23d2a6a3e-1-300x252.jpg 300w, https:\/\/freihof-sulgen.ch\/wp-content\/uploads\/2025\/04\/9db198a8-3321-4281-9775-6cd23d2a6a3e-1-768x644.jpg 768w, https:\/\/freihof-sulgen.ch\/wp-content\/uploads\/2025\/04\/9db198a8-3321-4281-9775-6cd23d2a6a3e-1.jpg 939w\" sizes=\"(max-width: 300px) 100vw, 300px\" \/><\/figure><\/div><\/div>\n\n\n<hr class=\"wp-block-separator is-style-dots\"\/>\n\n<\/li><li class=\"wp-block-post post-659 post type-post status-publish format-standard hentry category-news tag-kultur-und-kulinarik\">\n<h2 class=\"has-text-align-center wp-block-post-title\">Raclette \u00e0 discretion<\/h2>\n\n<div class=\"entry-content wp-block-post-content is-layout-flow wp-block-post-content-is-layout-flow\">\n<p class=\"has-text-align-center\">Am 14. M\u00e4rz wartet uf dich \u00e4 grosses Buffet mit diverse Biilage und Fleischplatte zum fein\u00e4 Ch\u00e4\u00e4s und d\u00e4 H\u00e4rd\u00f6pfel bi \u00fcsem Raclette \u00e0 discretion. S&#8217;Hafner-Duo (Vater und Sohn) unterhaltet \u00fcs alli ab 19:00 Uhr mit Live-Musig vom Feinst\u00e4!<\/p>\n\n\n\n<p class=\"has-text-align-center\">Da d&#8217;Platzzahl beschr\u00e4nkt isch und damit mir besser ch\u00f6nd plane, sind mir dankbar, wenn du dich voruus ameldisch.<\/p>\n\n\n<div class=\"wp-block-image is-style-default\">\n<figure class=\"aligncenter size-large\"><img loading=\"lazy\" decoding=\"async\" width=\"1024\" height=\"1024\" src=\"https:\/\/freihof-sulgen.ch\/wp-content\/uploads\/2025\/03\/Raclette-Obig-mit-Livemusig-1080-x-1080-px-1024x1024.png\" alt=\"\" class=\"wp-image-662\" srcset=\"https:\/\/freihof-sulgen.ch\/wp-content\/uploads\/2025\/03\/Raclette-Obig-mit-Livemusig-1080-x-1080-px-1024x1024.png 1024w, https:\/\/freihof-sulgen.ch\/wp-content\/uploads\/2025\/03\/Raclette-Obig-mit-Livemusig-1080-x-1080-px-300x300.png 300w, https:\/\/freihof-sulgen.ch\/wp-content\/uploads\/2025\/03\/Raclette-Obig-mit-Livemusig-1080-x-1080-px-150x150.png 150w, https:\/\/freihof-sulgen.ch\/wp-content\/uploads\/2025\/03\/Raclette-Obig-mit-Livemusig-1080-x-1080-px-768x768.png 768w, https:\/\/freihof-sulgen.ch\/wp-content\/uploads\/2025\/03\/Raclette-Obig-mit-Livemusig-1080-x-1080-px.png 1080w\" sizes=\"(max-width: 1024px) 100vw, 1024px\" \/><\/figure><\/div><\/div>\n\n\n<hr class=\"wp-block-separator is-style-dots\"\/>\n\n<\/li><li class=\"wp-block-post post-644 post type-post status-publish format-standard hentry category-events category-news\">\n<h2 class=\"has-text-align-center wp-block-post-title\">Jassturnier 2025<\/h2>\n\n<div class=\"entry-content wp-block-post-content is-layout-flow wp-block-post-content-is-layout-flow\">\n<p class=\"has-text-align-center\">Noch em riese Erfolg im 2024 findet am 8. Februar s&#8217;zweite Jassturnier bi \u00fcs im Freihof Sulge statt. Mir freued \u00fcs scho jetzt uf vieli Teilnehmendi f\u00fcr \u00e4 l\u00e4ssigs Turnier.<\/p>\n\n\n<div class=\"wp-block-image is-style-default\">\n<figure class=\"aligncenter size-large\"><img loading=\"lazy\" decoding=\"async\" width=\"724\" height=\"1024\" src=\"https:\/\/freihof-sulgen.ch\/wp-content\/uploads\/2025\/01\/2025-02-08-Jassturnier-724x1024.png\" alt=\"\" class=\"wp-image-645\" srcset=\"https:\/\/freihof-sulgen.ch\/wp-content\/uploads\/2025\/01\/2025-02-08-Jassturnier-724x1024.png 724w, https:\/\/freihof-sulgen.ch\/wp-content\/uploads\/2025\/01\/2025-02-08-Jassturnier-212x300.png 212w, https:\/\/freihof-sulgen.ch\/wp-content\/uploads\/2025\/01\/2025-02-08-Jassturnier-768x1086.png 768w, https:\/\/freihof-sulgen.ch\/wp-content\/uploads\/2025\/01\/2025-02-08-Jassturnier-1086x1536.png 1086w, https:\/\/freihof-sulgen.ch\/wp-content\/uploads\/2025\/01\/2025-02-08-Jassturnier-1200x1697.png 1200w, https:\/\/freihof-sulgen.ch\/wp-content\/uploads\/2025\/01\/2025-02-08-Jassturnier.png 1240w\" sizes=\"(max-width: 724px) 100vw, 724px\" \/><\/figure><\/div><\/div>\n\n\n<hr class=\"wp-block-separator is-style-dots\"\/>\n\n<\/li><li class=\"wp-block-post post-573 post type-post status-publish format-standard hentry category-news\">\n<h2 class=\"has-text-align-center wp-block-post-title\">Oldie-Obig<\/h2>\n\n<div class=\"entry-content wp-block-post-content is-layout-flow wp-block-post-content-is-layout-flow\">\n<p class=\"has-text-align-center\">Noch dem volle Erfolg vom letscht\u00e4 Mol, freued mir \u00fcs riesig uf di n\u00f6chst Usgob vom Oldie-Obig mit em DJ Beni! Am\u00e4ldig erw\u00fcnscht und empfohl\u00e4!<\/p>\n\n\n<div class=\"wp-block-image is-style-default\">\n<figure class=\"aligncenter size-large\"><img loading=\"lazy\" decoding=\"async\" width=\"1024\" height=\"1024\" src=\"https:\/\/freihof-sulgen.ch\/wp-content\/uploads\/2025\/01\/Oldie-Obig-1080-x-1080-px-1024x1024.png\" alt=\"\" class=\"wp-image-653\" srcset=\"https:\/\/freihof-sulgen.ch\/wp-content\/uploads\/2025\/01\/Oldie-Obig-1080-x-1080-px-1024x1024.png 1024w, https:\/\/freihof-sulgen.ch\/wp-content\/uploads\/2025\/01\/Oldie-Obig-1080-x-1080-px-300x300.png 300w, https:\/\/freihof-sulgen.ch\/wp-content\/uploads\/2025\/01\/Oldie-Obig-1080-x-1080-px-150x150.png 150w, https:\/\/freihof-sulgen.ch\/wp-content\/uploads\/2025\/01\/Oldie-Obig-1080-x-1080-px-768x768.png 768w, https:\/\/freihof-sulgen.ch\/wp-content\/uploads\/2025\/01\/Oldie-Obig-1080-x-1080-px.png 1080w\" sizes=\"(max-width: 1024px) 100vw, 1024px\" \/><\/figure><\/div><\/div>\n\n\n<hr class=\"wp-block-separator is-style-dots\"\/>\n\n<\/li><li class=\"wp-block-post post-576 post type-post status-publish format-standard hentry category-news\">\n<h2 class=\"has-text-align-center wp-block-post-title\">Brot\u00e4 us \u00e4m Oklahoma<\/h2>\n\n<div class=\"entry-content wp-block-post-content is-layout-flow wp-block-post-content-is-layout-flow\">\n<p class=\"has-text-align-center\">Endlich isch es wieder sowiit und d&#8217;Joli tu\u00e4t unglaublich feini Schwinsbr\u00f6\u00f6t\u00e4 in Oklahoma-Of\u00e4. Wers nonig kennt, s\u00f6lls unbedingt cho go probiere. Und wers scho kennt, brucht eigentlich nur no s&#8217;Datum und kei Werbig meh. D\u00e4 fein Brot\u00e4 macht jo Werbig f\u00fcr sich selber&#8230; \ud83d\ude42<\/p>\n\n\n\n<p class=\"has-text-align-center\"><strong>Friitig, 19. April 2024, ab 18:00 Uhr: Reservation erw\u00fcnscht.<\/strong><\/p>\n\n\n<div class=\"wp-block-image is-style-default\">\n<figure class=\"aligncenter size-large\"><img loading=\"lazy\" decoding=\"async\" width=\"724\" height=\"1024\" src=\"https:\/\/freihof-sulgen.ch\/wp-content\/uploads\/2024\/03\/Oklahoma-Braten-Plakat-1-724x1024.png\" alt=\"\" class=\"wp-image-579\" srcset=\"https:\/\/freihof-sulgen.ch\/wp-content\/uploads\/2024\/03\/Oklahoma-Braten-Plakat-1-724x1024.png 724w, https:\/\/freihof-sulgen.ch\/wp-content\/uploads\/2024\/03\/Oklahoma-Braten-Plakat-1-212x300.png 212w, https:\/\/freihof-sulgen.ch\/wp-content\/uploads\/2024\/03\/Oklahoma-Braten-Plakat-1-768x1086.png 768w, https:\/\/freihof-sulgen.ch\/wp-content\/uploads\/2024\/03\/Oklahoma-Braten-Plakat-1-1086x1536.png 1086w, https:\/\/freihof-sulgen.ch\/wp-content\/uploads\/2024\/03\/Oklahoma-Braten-Plakat-1-1200x1697.png 1200w, https:\/\/freihof-sulgen.ch\/wp-content\/uploads\/2024\/03\/Oklahoma-Braten-Plakat-1.png 1414w\" sizes=\"(max-width: 724px) 100vw, 724px\" \/><\/figure><\/div><\/div>\n\n\n<hr class=\"wp-block-separator is-style-dots\"\/>\n\n<\/li><li class=\"wp-block-post post-564 post type-post status-publish format-standard hentry category-news\">\n<h2 class=\"has-text-align-center wp-block-post-title\">Jassturnier<\/h2>\n\n<div class=\"entry-content wp-block-post-content is-layout-flow wp-block-post-content-is-layout-flow\">\n<p>Am 10. Februar findet \u00e4 Jassturnier bi \u00fcs im Freihof Sulge statt. Mir freued \u00fcs scho jetzt uf vieli Teilnehmendi f\u00fcr \u00e4 l\u00e4ssigs Turnier.<\/p>\n\n\n\n<figure class=\"wp-block-image size-large\"><img loading=\"lazy\" decoding=\"async\" width=\"724\" height=\"1024\" src=\"https:\/\/freihof-sulgen.ch\/wp-content\/uploads\/2023\/12\/jassturnier-din-1-724x1024.jpg\" class=\"wp-image-563\" srcset=\"https:\/\/freihof-sulgen.ch\/wp-content\/uploads\/2023\/12\/jassturnier-din-1-724x1024.jpg 724w, https:\/\/freihof-sulgen.ch\/wp-content\/uploads\/2023\/12\/jassturnier-din-1-212x300.jpg 212w, https:\/\/freihof-sulgen.ch\/wp-content\/uploads\/2023\/12\/jassturnier-din-1-768x1086.jpg 768w, https:\/\/freihof-sulgen.ch\/wp-content\/uploads\/2023\/12\/jassturnier-din-1-1086x1536.jpg 1086w, https:\/\/freihof-sulgen.ch\/wp-content\/uploads\/2023\/12\/jassturnier-din-1-1200x1697.jpg 1200w, https:\/\/freihof-sulgen.ch\/wp-content\/uploads\/2023\/12\/jassturnier-din-1.jpg 1414w\" sizes=\"(max-width: 724px) 100vw, 724px\" \/><\/figure>\n<\/div>\n\n\n<hr class=\"wp-block-separator is-style-dots\"\/>\n\n<\/li><li class=\"wp-block-post post-541 post type-post status-publish format-standard hentry category-news\">\n<h2 class=\"has-text-align-center wp-block-post-title\">Wortakrobatik &#038; Zeichekunst mit Tastespr\u00fcng<\/h2>\n\n<div class=\"entry-content wp-block-post-content is-layout-flow wp-block-post-content-is-layout-flow\">\n<p class=\"has-text-align-center\">Am 2. Dezember isch \u00e4s wieder sowiit: D\u00e4 bekannti Eventpoet Christoph Sutter git als Wortakrobat diversi Vers zum Best\u00e4, dasmol begleitet vom Udo Krummel, wo di\u00e4 Vers gekonnt zeichnerisch umsetzt und zw\u00fcschedine chr\u00e4ftig id Taste haut, zum alli G\u00e4scht au musikalisch verw\u00f6hn\u00e4. D&#8217;Joli zauberet wieder \u00e4s 5-Gang-Men\u00fc uf d\u00e4 Tisch. \u00c4n Alass wo \u00fcsem Motto &#8222;Kultur und Kulinarik&#8220; meh als gerecht wird.<\/p>\n\n\n\n<p class=\"has-text-align-center\">Meld dich jetzt a; d&#8217;Platzzahl isch beschr\u00e4nkt. Mir freued \u00fcs uf en wundervoll\u00e4 Obig voller Poesie, humoristisch\u00e4 Zeichnig\u00e4, sch\u00f6n\u00e4 Kl\u00e4ng und feinem \u00c4ss\u00e4.<\/p>\n\n\n<div class=\"wp-block-image is-style-default\">\n<figure class=\"aligncenter size-large is-resized\"><img loading=\"lazy\" decoding=\"async\" src=\"https:\/\/freihof-sulgen.ch\/wp-content\/uploads\/2023\/11\/Wortakrobatik-2023-1080x1080-1-1024x1024.jpg\" alt=\"\" class=\"wp-image-554\" width=\"512\" height=\"512\" srcset=\"https:\/\/freihof-sulgen.ch\/wp-content\/uploads\/2023\/11\/Wortakrobatik-2023-1080x1080-1-1024x1024.jpg 1024w, https:\/\/freihof-sulgen.ch\/wp-content\/uploads\/2023\/11\/Wortakrobatik-2023-1080x1080-1-300x300.jpg 300w, https:\/\/freihof-sulgen.ch\/wp-content\/uploads\/2023\/11\/Wortakrobatik-2023-1080x1080-1-150x150.jpg 150w, https:\/\/freihof-sulgen.ch\/wp-content\/uploads\/2023\/11\/Wortakrobatik-2023-1080x1080-1-768x768.jpg 768w, https:\/\/freihof-sulgen.ch\/wp-content\/uploads\/2023\/11\/Wortakrobatik-2023-1080x1080-1.jpg 1080w\" sizes=\"(max-width: 512px) 100vw, 512px\" \/><\/figure><\/div><\/div>\n\n\n<hr class=\"wp-block-separator is-style-dots\"\/>\n\n<\/li><li class=\"wp-block-post post-532 post type-post status-publish format-standard hentry category-news\">\n<h2 class=\"has-text-align-center wp-block-post-title\">Oldie-Obig<\/h2>\n\n<div class=\"entry-content wp-block-post-content is-layout-flow wp-block-post-content-is-layout-flow\">\n<p class=\"has-text-align-center\">Am Samstig, 18. November 2023 gits Hits vo fr\u00fc\u00e4hner ab originale Schallplatte ufgleit vom DJ BENI bi \u00fcs im Freihof! Chum verbii und gn\u00fcss \u00e4n Obig mit Songs vo fr\u00fc\u00e4hner i gu\u00e4ter Gsellschaft! Mir freued \u00fcs uf \u00e4n l\u00e4ssig\u00e4 Obig!<\/p>\n\n\n<div class=\"wp-block-image is-style-default\">\n<figure class=\"aligncenter size-medium\"><img loading=\"lazy\" decoding=\"async\" width=\"300\" height=\"300\" src=\"https:\/\/freihof-sulgen.ch\/wp-content\/uploads\/2023\/10\/WhatsApp-Image-2023-10-23-at-19.36.01-300x300.jpeg\" alt=\"\" class=\"wp-image-534\" srcset=\"https:\/\/freihof-sulgen.ch\/wp-content\/uploads\/2023\/10\/WhatsApp-Image-2023-10-23-at-19.36.01-300x300.jpeg 300w, https:\/\/freihof-sulgen.ch\/wp-content\/uploads\/2023\/10\/WhatsApp-Image-2023-10-23-at-19.36.01-1024x1024.jpeg 1024w, https:\/\/freihof-sulgen.ch\/wp-content\/uploads\/2023\/10\/WhatsApp-Image-2023-10-23-at-19.36.01-150x150.jpeg 150w, https:\/\/freihof-sulgen.ch\/wp-content\/uploads\/2023\/10\/WhatsApp-Image-2023-10-23-at-19.36.01-768x768.jpeg 768w, https:\/\/freihof-sulgen.ch\/wp-content\/uploads\/2023\/10\/WhatsApp-Image-2023-10-23-at-19.36.01-1536x1536.jpeg 1536w, https:\/\/freihof-sulgen.ch\/wp-content\/uploads\/2023\/10\/WhatsApp-Image-2023-10-23-at-19.36.01-1200x1200.jpeg 1200w, https:\/\/freihof-sulgen.ch\/wp-content\/uploads\/2023\/10\/WhatsApp-Image-2023-10-23-at-19.36.01.jpeg 1600w\" sizes=\"(max-width: 300px) 100vw, 300px\" \/><\/figure><\/div><\/div>\n\n\n<hr class=\"wp-block-separator is-style-dots\"\/>\n\n<\/li><li class=\"wp-block-post post-496 post type-post status-publish format-standard hentry category-news\">\n<h2 class=\"has-text-align-center wp-block-post-title\">orientalisches Buffet<\/h2>\n\n<div class=\"entry-content wp-block-post-content is-layout-flow wp-block-post-content-is-layout-flow\"><div class=\"wp-block-image is-style-default\">\n<figure class=\"aligncenter size-large\"><img loading=\"lazy\" decoding=\"async\" width=\"1024\" height=\"1024\" src=\"https:\/\/freihof-sulgen.ch\/wp-content\/uploads\/2023\/08\/quadratisch-Orientalisches-Buffet-1-1024x1024.jpg\" alt=\"\" class=\"wp-image-514\" srcset=\"https:\/\/freihof-sulgen.ch\/wp-content\/uploads\/2023\/08\/quadratisch-Orientalisches-Buffet-1-1024x1024.jpg 1024w, https:\/\/freihof-sulgen.ch\/wp-content\/uploads\/2023\/08\/quadratisch-Orientalisches-Buffet-1-300x300.jpg 300w, https:\/\/freihof-sulgen.ch\/wp-content\/uploads\/2023\/08\/quadratisch-Orientalisches-Buffet-1-150x150.jpg 150w, https:\/\/freihof-sulgen.ch\/wp-content\/uploads\/2023\/08\/quadratisch-Orientalisches-Buffet-1-768x768.jpg 768w, https:\/\/freihof-sulgen.ch\/wp-content\/uploads\/2023\/08\/quadratisch-Orientalisches-Buffet-1-1536x1536.jpg 1536w, https:\/\/freihof-sulgen.ch\/wp-content\/uploads\/2023\/08\/quadratisch-Orientalisches-Buffet-1-2048x2048.jpg 2048w, https:\/\/freihof-sulgen.ch\/wp-content\/uploads\/2023\/08\/quadratisch-Orientalisches-Buffet-1-1200x1200.jpg 1200w, https:\/\/freihof-sulgen.ch\/wp-content\/uploads\/2023\/08\/quadratisch-Orientalisches-Buffet-1-1980x1980.jpg 1980w\" sizes=\"(max-width: 1024px) 100vw, 1024px\" \/><\/figure><\/div>\n\n\n<p class=\"has-text-align-center\">\u00c4 kulturelli Beg\u00e4gnig vo d\u00e4 bsundere Art. D&#8217;Mariam vo IMA cuisine zauberet f\u00fcr eu kulinarischi Spezialit\u00e4te us verschiedene L\u00e4nder ufs Buffet. F\u00fcr nur Fr. 58.- ch\u00f6nd ihr so viel \u00e4sse, wi\u00e4 ihr m\u00f6ged und eu durch di\u00e4 grossi Vielfalt ufem Buffet wie im Orient f\u00fchle.<\/p>\n\n\n\n<p class=\"has-text-align-center\">Melded eu so schnell wie m\u00f6glich, sp\u00f6testens aber bis am 24. September 2023 a! (Platzzahl isch beschr\u00e4nkt&#8230;)<\/p>\n\n\n\n<p class=\"has-text-align-center\">Mir freued \u00fcs uf die viele K\u00f6stlichkeit\u00e4 vo d\u00e4 Mariam und uf eu!<\/p>\n\n\n\n<p class=\"has-text-align-center\">Folged IMA cuisine uf <a href=\"https:\/\/www.instagram.com\/ima.cuisine\/?hl=en\" data-type=\"URL\" data-id=\"https:\/\/www.instagram.com\/ima.cuisine\/?hl=en\" target=\"_blank\" rel=\"noreferrer noopener\">Instagram<\/a> oder bsueched ihri <a href=\"https:\/\/imacuisine.ch\/\" data-type=\"URL\" data-id=\"https:\/\/imacuisine.ch\/\" target=\"_blank\" rel=\"noreferrer noopener\">Websiit\u00e4<\/a>.<\/p>\n\n\n\n<figure class=\"wp-block-gallery has-nested-images columns-default is-cropped wp-block-gallery-1 is-layout-flex wp-block-gallery-is-layout-flex\">\n<figure class=\"wp-block-image size-large is-style-default\"><img loading=\"lazy\" decoding=\"async\" width=\"577\" height=\"1024\" data-id=\"502\" src=\"https:\/\/freihof-sulgen.ch\/wp-content\/uploads\/2023\/08\/WhatsApp-Image-2023-08-29-at-21.45.05-2-1-577x1024.jpeg\" alt=\"\" class=\"wp-image-502\" srcset=\"https:\/\/freihof-sulgen.ch\/wp-content\/uploads\/2023\/08\/WhatsApp-Image-2023-08-29-at-21.45.05-2-1-577x1024.jpeg 577w, https:\/\/freihof-sulgen.ch\/wp-content\/uploads\/2023\/08\/WhatsApp-Image-2023-08-29-at-21.45.05-2-1-169x300.jpeg 169w, https:\/\/freihof-sulgen.ch\/wp-content\/uploads\/2023\/08\/WhatsApp-Image-2023-08-29-at-21.45.05-2-1-768x1364.jpeg 768w, https:\/\/freihof-sulgen.ch\/wp-content\/uploads\/2023\/08\/WhatsApp-Image-2023-08-29-at-21.45.05-2-1-865x1536.jpeg 865w, https:\/\/freihof-sulgen.ch\/wp-content\/uploads\/2023\/08\/WhatsApp-Image-2023-08-29-at-21.45.05-2-1.jpeg 1126w\" sizes=\"(max-width: 577px) 100vw, 577px\" \/><\/figure>\n\n\n\n<figure class=\"wp-block-image size-large is-style-default\"><img loading=\"lazy\" decoding=\"async\" width=\"1024\" height=\"1024\" data-id=\"505\" src=\"https:\/\/freihof-sulgen.ch\/wp-content\/uploads\/2023\/08\/WhatsApp-Image-2023-08-29-at-21.45.05-4-1024x1024.jpeg\" alt=\"\" class=\"wp-image-505\" srcset=\"https:\/\/freihof-sulgen.ch\/wp-content\/uploads\/2023\/08\/WhatsApp-Image-2023-08-29-at-21.45.05-4-1024x1024.jpeg 1024w, https:\/\/freihof-sulgen.ch\/wp-content\/uploads\/2023\/08\/WhatsApp-Image-2023-08-29-at-21.45.05-4-300x300.jpeg 300w, https:\/\/freihof-sulgen.ch\/wp-content\/uploads\/2023\/08\/WhatsApp-Image-2023-08-29-at-21.45.05-4-150x150.jpeg 150w, https:\/\/freihof-sulgen.ch\/wp-content\/uploads\/2023\/08\/WhatsApp-Image-2023-08-29-at-21.45.05-4-768x768.jpeg 768w, https:\/\/freihof-sulgen.ch\/wp-content\/uploads\/2023\/08\/WhatsApp-Image-2023-08-29-at-21.45.05-4-1536x1536.jpeg 1536w, https:\/\/freihof-sulgen.ch\/wp-content\/uploads\/2023\/08\/WhatsApp-Image-2023-08-29-at-21.45.05-4.jpeg 2048w, https:\/\/freihof-sulgen.ch\/wp-content\/uploads\/2023\/08\/WhatsApp-Image-2023-08-29-at-21.45.05-4-1200x1200.jpeg 1200w, https:\/\/freihof-sulgen.ch\/wp-content\/uploads\/2023\/08\/WhatsApp-Image-2023-08-29-at-21.45.05-4-1980x1980.jpeg 1980w\" sizes=\"(max-width: 1024px) 100vw, 1024px\" \/><\/figure>\n\n\n\n<figure class=\"wp-block-image size-large is-style-default\"><img loading=\"lazy\" decoding=\"async\" width=\"577\" height=\"1024\" data-id=\"504\" src=\"https:\/\/freihof-sulgen.ch\/wp-content\/uploads\/2023\/08\/WhatsApp-Image-2023-08-29-at-21.45.05-3-1-577x1024.jpeg\" alt=\"\" class=\"wp-image-504\" srcset=\"https:\/\/freihof-sulgen.ch\/wp-content\/uploads\/2023\/08\/WhatsApp-Image-2023-08-29-at-21.45.05-3-1-577x1024.jpeg 577w, https:\/\/freihof-sulgen.ch\/wp-content\/uploads\/2023\/08\/WhatsApp-Image-2023-08-29-at-21.45.05-3-1-169x300.jpeg 169w, https:\/\/freihof-sulgen.ch\/wp-content\/uploads\/2023\/08\/WhatsApp-Image-2023-08-29-at-21.45.05-3-1-768x1364.jpeg 768w, https:\/\/freihof-sulgen.ch\/wp-content\/uploads\/2023\/08\/WhatsApp-Image-2023-08-29-at-21.45.05-3-1-865x1536.jpeg 865w, https:\/\/freihof-sulgen.ch\/wp-content\/uploads\/2023\/08\/WhatsApp-Image-2023-08-29-at-21.45.05-3-1.jpeg 1126w\" sizes=\"(max-width: 577px) 100vw, 577px\" \/><\/figure>\n\n\n\n<figure class=\"wp-block-image size-thumbnail is-style-default\"><img loading=\"lazy\" decoding=\"async\" width=\"150\" height=\"150\" data-id=\"506\" src=\"https:\/\/freihof-sulgen.ch\/wp-content\/uploads\/2023\/08\/WhatsApp-Image-2023-08-29-at-21.45.05-1-3-150x150.jpeg\" alt=\"\" class=\"wp-image-506\" srcset=\"https:\/\/freihof-sulgen.ch\/wp-content\/uploads\/2023\/08\/WhatsApp-Image-2023-08-29-at-21.45.05-1-3-150x150.jpeg 150w, https:\/\/freihof-sulgen.ch\/wp-content\/uploads\/2023\/08\/WhatsApp-Image-2023-08-29-at-21.45.05-1-3-300x300.jpeg 300w, https:\/\/freihof-sulgen.ch\/wp-content\/uploads\/2023\/08\/WhatsApp-Image-2023-08-29-at-21.45.05-1-3-1024x1024.jpeg 1024w, https:\/\/freihof-sulgen.ch\/wp-content\/uploads\/2023\/08\/WhatsApp-Image-2023-08-29-at-21.45.05-1-3-768x768.jpeg 768w, https:\/\/freihof-sulgen.ch\/wp-content\/uploads\/2023\/08\/WhatsApp-Image-2023-08-29-at-21.45.05-1-3-1536x1536.jpeg 1536w, https:\/\/freihof-sulgen.ch\/wp-content\/uploads\/2023\/08\/WhatsApp-Image-2023-08-29-at-21.45.05-1-3.jpeg 2048w, https:\/\/freihof-sulgen.ch\/wp-content\/uploads\/2023\/08\/WhatsApp-Image-2023-08-29-at-21.45.05-1-3-1200x1200.jpeg 1200w, https:\/\/freihof-sulgen.ch\/wp-content\/uploads\/2023\/08\/WhatsApp-Image-2023-08-29-at-21.45.05-1-3-1980x1980.jpeg 1980w\" sizes=\"(max-width: 150px) 100vw, 150px\" \/><\/figure>\n<\/figure>\n<\/div>\n\n\n<hr class=\"wp-block-separator is-style-dots\"\/>\n\n<\/li><li class=\"wp-block-post post-440 post type-post status-publish format-standard hentry category-news\">\n<h2 class=\"has-text-align-center wp-block-post-title\">Lesungen von Guido Bruggmann<\/h2>\n\n<div class=\"entry-content wp-block-post-content is-layout-flow wp-block-post-content-is-layout-flow\">\n<figure class=\"wp-block-video aligncenter\"><video autoplay loop muted src=\"https:\/\/freihof-sulgen.ch\/wp-content\/uploads\/2023\/01\/Lesung-Guide-Bruggmann-quadratisch-.mp4\"><\/video><\/figure>\n\n\n\n<p><\/p>\n<\/div>\n\n\n<hr class=\"wp-block-separator is-style-dots\"\/>\n\n<\/li><li class=\"wp-block-post post-434 post type-post status-publish format-standard hentry category-news\">\n<h2 class=\"has-text-align-center wp-block-post-title\">F\u00fc\u00fcrw\u00e4rch zum Neujohr<\/h2>\n\n<div class=\"entry-content wp-block-post-content is-layout-flow wp-block-post-content-is-layout-flow\">\n<figure class=\"wp-block-video\"><video controls src=\"https:\/\/freihof-sulgen.ch\/wp-content\/uploads\/2023\/01\/Neujahr-2023-Freihof.mp4\"><\/video><\/figure>\n<\/div>\n\n\n<hr class=\"wp-block-separator is-style-dots\"\/>\n\n<\/li><li class=\"wp-block-post post-419 post type-post status-publish format-standard hentry category-news\">\n<h2 class=\"has-text-align-center wp-block-post-title\">Wortakrobatik &#038; Stimmeklang<\/h2>\n\n<div class=\"entry-content wp-block-post-content is-layout-flow wp-block-post-content-is-layout-flow\">\n<p><\/p>\n\n\n\n<p class=\"has-text-align-center has-large-font-size\"><strong>am 10. Dezember 2022, 18:00 Uhr<\/strong><\/p>\n\n\n\n<p class=\"has-text-align-center\">Nebst em 5-Gang-Men\u00fc, wo \u00fcses Chuchiteam f\u00fcr eu uf<br>d\u00e4 Tisch zauberet, serviert d\u00e4 Christoph Sutter versiert<br>sini Vers als Zw\u00fcschegang. Di musikalisch\u00e4 Leckerbiss\u00e4 pr\u00e4sentiert s&#8217;Stubech\u00f6rli.<\/p>\n\n\n\n<p class=\"has-text-align-center\"><strong>Nur mit Reservation: per sofort unter 071 636 11 07<\/strong><\/p>\n\n\n\n<p><\/p>\n\n\n\n<p class=\"has-text-align-center\">Fr. 58.- inkl. 5-Gang-\u00dcberraschigsmen\u00fc und erstklassigi Unterhaltig!<\/p>\n\n\n\n<figure class=\"wp-block-video aligncenter\"><video controls src=\"https:\/\/freihof-sulgen.ch\/wp-content\/uploads\/2022\/11\/Wortakrobatik-2022-1.mp4\"><\/video><\/figure>\n<\/div>\n\n\n<hr class=\"wp-block-separator is-style-dots\"\/>\n\n<\/li><li class=\"wp-block-post post-344 post type-post status-publish format-standard hentry category-news\">\n<h2 class=\"has-text-align-center wp-block-post-title\">Stubete &#8211; immer am 4. Friitig im Mon\u00e4t!<\/h2>\n\n<div class=\"entry-content wp-block-post-content is-layout-flow wp-block-post-content-is-layout-flow\">\n<figure class=\"wp-block-video\"><video controls src=\"https:\/\/freihof-sulgen.ch\/wp-content\/uploads\/2022\/06\/Rueckblick-Stubete-24.6.22.mp4\"><\/video><figcaption>R\u00fcckblick uf d&#8217;Stubete vom 24. Juni 2022<\/figcaption><\/figure>\n\n\n\n<p>Dank\u00e4 Albert f\u00fcrs Film\u00e4 und Schniid\u00e4 vom Video!<\/p>\n<\/div>\n\n\n<hr class=\"wp-block-separator is-style-dots\"\/>\n\n<\/li><li class=\"wp-block-post post-352 post type-post status-publish format-standard hentry category-news\">\n<h2 class=\"has-text-align-center wp-block-post-title\">Scho \u00f6ppis vor a Uffahrt?<\/h2>\n\n<div class=\"entry-content wp-block-post-content is-layout-flow wp-block-post-content-is-layout-flow\">\n<div class=\"wp-block-image is-style-default\"><figure class=\"aligncenter size-large\"><img loading=\"lazy\" decoding=\"async\" width=\"1024\" height=\"1024\" src=\"https:\/\/freihof-sulgen.ch\/wp-content\/uploads\/2022\/05\/1-2-1024x1024.jpg\" alt=\"\" class=\"wp-image-355\" srcset=\"https:\/\/freihof-sulgen.ch\/wp-content\/uploads\/2022\/05\/1-2-1024x1024.jpg 1024w, https:\/\/freihof-sulgen.ch\/wp-content\/uploads\/2022\/05\/1-2-300x300.jpg 300w, https:\/\/freihof-sulgen.ch\/wp-content\/uploads\/2022\/05\/1-2-150x150.jpg 150w, https:\/\/freihof-sulgen.ch\/wp-content\/uploads\/2022\/05\/1-2-768x768.jpg 768w, https:\/\/freihof-sulgen.ch\/wp-content\/uploads\/2022\/05\/1-2.jpg 1080w\" sizes=\"(max-width: 1024px) 100vw, 1024px\" \/><\/figure><\/div>\n\n\n\n<p class=\"has-text-align-center has-large-font-size\">Fr. 27.- f\u00fcr Erwachseni (\u00e0 discr\u00e9tion) und f\u00fcr Chind und Jugendlichi (bis 16 j\u00f6hrig) Fr. 1.- pro Altersjohr.<\/p>\n\n\n\n<p class=\"has-text-align-center has-large-font-size\">Mir empfehled eu, fr\u00fc\u00e4hziitig z&#8217;reservier\u00e4.<\/p>\n<\/div>\n\n\n<hr class=\"wp-block-separator is-style-dots\"\/>\n\n<\/li><li class=\"wp-block-post post-321 post type-post status-publish format-standard hentry category-news\">\n<h2 class=\"has-text-align-center wp-block-post-title\">Stubete vom 25.3.2022<\/h2>\n\n<div class=\"entry-content wp-block-post-content is-layout-flow wp-block-post-content-is-layout-flow\">\n<p class=\"has-text-align-center has-large-font-size\">Wow! Mir sind \u00fcberw\u00e4ltiget! So viel G\u00e4scht h\u00e4nd \u00fcsi (noch langer Paus\u00e4) erst Stubete bsu\u00e4cht und di\u00e4 viel\u00e4 Musiker unter ihn\u00e4 h\u00e4nd i unz\u00e4hlig\u00e4 Formation\u00e4 f\u00fcr \u00e4 abwechsligsriichs Programm gsorgt. \u00c4 grossartigi Stimmig h\u00e4mmer gha!<\/p>\n\n\n\n<p class=\"has-text-align-center has-large-font-size\">Herzlich\u00e4 Dank alln\u00e4, wo gmusig\u00e4t und gsung\u00e4 h\u00e4nd! \u00c4n bsund\u00e4r\u00e4 Dank goht an Albert, wo s&#8217;Video mit d\u00e4 Impression\u00e4 gfilmt und gschnitt\u00e4 h\u00e4t!<\/p>\n\n\n\n<p class=\"has-text-align-center has-large-font-size\">Mir freued \u00fcs scho jetzt uf di n\u00f6chst Stubete am 22.4.22! Bisch au d\u00e4bii? Denn reservier jetzt din Platz.<\/p>\n\n\n\n<figure class=\"wp-block-video aligncenter\"><video controls src=\"https:\/\/freihof-sulgen.ch\/wp-content\/uploads\/2022\/04\/2022-03-25-Impressionen-Stubete.mp4\"><\/video><\/figure>\n<\/div>\n\n\n<hr class=\"wp-block-separator is-style-dots\"\/>\n\n<\/li><li class=\"wp-block-post post-306 post type-post status-publish format-standard hentry category-news\">\n<h2 class=\"has-text-align-center wp-block-post-title\">Stubete<\/h2>\n\n<div class=\"entry-content wp-block-post-content is-layout-flow wp-block-post-content-is-layout-flow\">\n<p class=\"has-text-align-center has-larger-font-size\"><strong>Immer am 4. Friitig im Mon\u00e4t isch Stubete!<\/strong><\/p>\n\n\n\n<p class=\"has-text-align-center has-large-font-size\">Endlich ch\u00f6nd mir wieder z\u00e4m\u00e4 musig\u00e4, sing\u00e4, jodl\u00e4 und tanz\u00e4! Ch\u00f6m\u00e4d verbii und verbring\u00e4d mis \u00fcs immer am 4. Friitig im Mon\u00e4t \u00e4n urchig-musikalisch\u00e4 Obig. \u00c4s Epiano stoht jewiils parat. Anderi Instrument bringsch eifach selber mit &#8211; und au ohni Instrument bisch nat\u00fcrlich herzlich willkomm\u00e4!<\/p>\n\n\n\n<p class=\"has-text-align-center has-large-font-size\">Mir freu\u00e4d \u00fcs uf vieli Volksmusigfr\u00fcnd\u00e4, Jodler und Musikant\u00e4!<\/p>\n\n\n\n<p class=\"has-text-align-center has-large-font-size\">Damit du sicher \u00e4n Platz h\u00e4sch, reservier doch amel vorher unter:<\/p>\n\n\n\n<p class=\"has-text-align-center has-large-font-size\">071 636 11 07<\/p>\n<\/div>\n\n\n<hr class=\"wp-block-separator is-style-dots\"\/>\n\n<\/li><li class=\"wp-block-post post-308 post type-post status-publish format-standard hentry category-news\">\n<h2 class=\"has-text-align-center wp-block-post-title\">Endlich wieder musig\u00e4&#8230;<\/h2>\n\n<div class=\"entry-content wp-block-post-content is-layout-flow wp-block-post-content-is-layout-flow\">\n<figure class=\"wp-block-video\"><video controls src=\"https:\/\/freihof-sulgen.ch\/wp-content\/uploads\/2022\/03\/Stubete-Maerz-Werbefilm.mp4\"><\/video><\/figure>\n<\/div>\n\n\n<hr class=\"wp-block-separator is-style-dots\"\/>\n\n<\/li><li class=\"wp-block-post post-294 post type-post status-publish format-standard hentry category-news\">\n<h2 class=\"has-text-align-center wp-block-post-title\">\u00dcsen Huuskafi<\/h2>\n\n<div class=\"entry-content wp-block-post-content is-layout-flow wp-block-post-content-is-layout-flow\">\n<p class=\"has-text-align-center\"> D\u00f6rfemer vorstelle: Willi und Reto. Di\u00e4 beid\u00e4 gf\u00fcllt\u00e4 Zuckerm\u00fc\u00fcs gits ab sofort bi \u00fcs als Huuskafi. Bstell \u00e4n Freihof-Kafi &#8222;Willi&#8220; oder &#8222;Reto&#8220; und tauch di zuckers\u00fc\u00e4ss Muus i din Kafi. Prost! <\/p>\n\n\n\n<figure class=\"wp-block-video\"><video controls src=\"https:\/\/freihof-sulgen.ch\/wp-content\/uploads\/2022\/02\/Freihof-Muesli-Instagram-Post.mp4\"><\/video><\/figure>\n<\/div>\n\n\n<hr class=\"wp-block-separator is-style-dots\"\/>\n\n<\/li><li class=\"wp-block-post post-296 post type-post status-publish format-standard hentry category-news\">\n<h2 class=\"has-text-align-center wp-block-post-title\">D&#8217;Mask\u00e4 fall\u00e4d&#8230;<\/h2>\n\n<div class=\"entry-content wp-block-post-content is-layout-flow wp-block-post-content-is-layout-flow\">\n<p class=\"has-text-align-center\"> W\u00fcss\u00e4d ihr no, wi\u00e4 mir usgsehnd? <\/p>\n\n\n\n<figure class=\"wp-block-video\"><video controls src=\"https:\/\/freihof-sulgen.ch\/wp-content\/uploads\/2022\/02\/Willkommen-ohne-Maske.mp4\"><\/video><\/figure>\n\n\n\n<p class=\"has-text-align-center\"> Mir freued \u00fcs sehr druf, eu mit strahlendem Lach\u00e4 und ohni Mask\u00e4 bi \u00fcs z&#8217;begr\u00fc\u00e4ss\u00e4. <\/p>\n<\/div>\n\n\n<hr class=\"wp-block-separator is-style-dots\"\/>\n\n<\/li><li class=\"wp-block-post post-266 post type-post status-publish format-standard hentry category-news\">\n<h2 class=\"has-text-align-center wp-block-post-title\">Say cheese&#8230;<\/h2>\n\n<div class=\"entry-content wp-block-post-content is-layout-flow wp-block-post-content-is-layout-flow\">\n<p class=\"has-text-align-center\">Juhuii, \u00e4s git Fondue. V\u00f6llig egal, ob du \u00e4lai f\u00fcr dich, z&#8217;zweit\u00e4 oder gad inere ganz\u00e4 Gruppe reserviersch, bi \u00fcs gn\u00fcssisch du s&#8217;Ch\u00e4\u00e4sfondue entweder ganz klassisch, oder i d\u00e4 Deluxe-Variante mit H\u00e4rd\u00f6pfel, G\u00fcrkli, Silberzwiebl\u00e4 und Maisch\u00f6lbli.<\/p>\n\n\n\n<p class=\"has-text-align-center\">Fondue gits ab sofort uf Reservation.<\/p>\n\n\n\n<div class=\"wp-block-image is-style-default\"><figure class=\"aligncenter size-full\"><img loading=\"lazy\" decoding=\"async\" width=\"1080\" height=\"1080\" src=\"https:\/\/freihof-sulgen.ch\/wp-content\/uploads\/2022\/01\/Fondue-Werbung1-3.gif\" alt=\"\" class=\"wp-image-260\"\/><\/figure><\/div>\n<\/div>\n\n\n<hr class=\"wp-block-separator is-style-dots\"\/>\n\n<\/li><li class=\"wp-block-post post-292 post type-post status-publish format-standard hentry category-news\">\n<h2 class=\"has-text-align-center wp-block-post-title\">Neujohr 2022<\/h2>\n\n<div class=\"entry-content wp-block-post-content is-layout-flow wp-block-post-content-is-layout-flow\">\n<figure class=\"wp-block-video\"><video controls src=\"https:\/\/freihof-sulgen.ch\/wp-content\/uploads\/2022\/01\/Neujahr-2022-Film-1.mp4\"><\/video><\/figure>\n<\/div>\n\n\n<hr class=\"wp-block-separator is-style-dots\"\/>\n\n<\/li><li class=\"wp-block-post post-290 post type-post status-publish format-standard hentry category-news\">\n<h2 class=\"has-text-align-center wp-block-post-title\">Feri\u00e4<\/h2>\n\n<div class=\"entry-content wp-block-post-content is-layout-flow wp-block-post-content-is-layout-flow\">\n<p class=\"has-text-align-center\">  <strong><span class=\"has-inline-color has-accent-color\">Vom 24.12.21 &#8211; 02.01.22 mach\u00e4d mir Feri\u00e4. Ab em 03. Januar 2022 sind mir gern wieder f\u00fcr eu do!<\/span><\/strong>  <\/p>\n\n\n\n<figure class=\"wp-block-video\"><video controls src=\"https:\/\/freihof-sulgen.ch\/wp-content\/uploads\/2022\/01\/Weihnachtsferien-Clip-1-1.mp4\"><\/video><\/figure>\n<\/div>\n\n\n<hr class=\"wp-block-separator is-style-dots\"\/>\n\n<\/li><li class=\"wp-block-post post-288 post type-post status-publish format-standard hentry category-news\">\n<h2 class=\"has-text-align-center wp-block-post-title\">Humorvolle Worte und klingende Saiten<\/h2>\n\n<div class=\"entry-content wp-block-post-content is-layout-flow wp-block-post-content-is-layout-flow\">\n<p class=\"has-large-font-size\">D\u00e4 Artikel isch am  17.12.21 im neu\u00e4 Azeiger erschien\u00e4:<\/p>\n\n\n\n<figure class=\"wp-block-image size-large is-style-default\"><img loading=\"lazy\" decoding=\"async\" width=\"1024\" height=\"551\" src=\"https:\/\/freihof-sulgen.ch\/wp-content\/uploads\/2021\/12\/2021-12-17-Zeitungsartikel-1024x551.jpg\" alt=\"\" class=\"wp-image-192\" srcset=\"https:\/\/freihof-sulgen.ch\/wp-content\/uploads\/2021\/12\/2021-12-17-Zeitungsartikel-1024x551.jpg 1024w, https:\/\/freihof-sulgen.ch\/wp-content\/uploads\/2021\/12\/2021-12-17-Zeitungsartikel-300x161.jpg 300w, https:\/\/freihof-sulgen.ch\/wp-content\/uploads\/2021\/12\/2021-12-17-Zeitungsartikel-768x413.jpg 768w, https:\/\/freihof-sulgen.ch\/wp-content\/uploads\/2021\/12\/2021-12-17-Zeitungsartikel-1536x827.jpg 1536w, https:\/\/freihof-sulgen.ch\/wp-content\/uploads\/2021\/12\/2021-12-17-Zeitungsartikel-2048x1102.jpg 2048w, https:\/\/freihof-sulgen.ch\/wp-content\/uploads\/2021\/12\/2021-12-17-Zeitungsartikel-1200x646.jpg 1200w, https:\/\/freihof-sulgen.ch\/wp-content\/uploads\/2021\/12\/2021-12-17-Zeitungsartikel-1980x1066.jpg 1980w\" sizes=\"(max-width: 1024px) 100vw, 1024px\" \/><\/figure>\n\n\n\n<div class=\"wp-block-buttons is-layout-flex wp-block-buttons-is-layout-flex\">\n<div class=\"wp-block-button has-custom-font-size has-large-font-size\"><a class=\"wp-block-button__link\" href=\"https:\/\/epaper.neueranzeiger.ch\/neuer-anzeiger-17-dezember\/66073015\/8\" target=\"_blank\" rel=\"noreferrer noopener\">Zum Artikel im neuen Anzeiger<\/a><\/div>\n<\/div>\n<\/div>\n\n\n<hr class=\"wp-block-separator is-style-dots\"\/>\n\n<\/li><li class=\"wp-block-post post-180 post type-post status-publish format-standard hentry category-news\">\n<h2 class=\"has-text-align-center wp-block-post-title\">Was f\u00fcr en Alass&#8230;<\/h2>\n\n<div class=\"entry-content wp-block-post-content is-layout-flow wp-block-post-content-is-layout-flow\">\n<figure class=\"wp-block-video\"><video controls src=\"https:\/\/freihof-sulgen.ch\/wp-content\/uploads\/2021\/12\/Rueckblick-Wortakrobatik-und-Saitetanz-1.mp4\"><\/video><\/figure>\n\n\n\n<p>Mir dank\u00e4d alln\u00e4 G\u00e4scht f\u00fcr di\u00e4 l\u00e4ssig Stimmig, di\u00e4 lobend\u00e4 Wort und d\u00e4 herzlich Applaus. Dank eu isch d\u00e4 Alass \u00e4n unverg\u00e4ssliche Obig word\u00e4!<\/p>\n\n\n\n<p>Ganz herzlich dank\u00e4d mir am Christoph Sutter f\u00fcr di\u00e4 gekonnt witzig Moderation dur d\u00e4 Obig, sini unverkennbar humorvoll\u00e4 Vers und di\u00e4 perfekt platziert\u00e4 Ast\u00f6ss zum Nodenk\u00e4, wo d\u00e4 l\u00e4ssig\u00e4, entspannte Atmosph\u00e4re kei bitzli id Queri cho sind.<\/p>\n\n\n\n<p>Au d\u00e4 16-j\u00f6hrig\u00e4 Nadine Weber, wo mit em Saitetanz uf \u00e4m Hackbrett alli verzauberet h\u00e4t, geb\u00fchrt \u00e4 herzlichs Dankesch\u00f6n! Miter\u00e4 gross\u00e4 Bandbreiti a Stilrichtig\u00e4 h\u00e4t sie alln\u00e4 zeig\u00e4d, wi\u00e4 vielsiitig das Instrument und ihres Ch\u00f6nn\u00e4 isch. N\u00f6d wenig h\u00e4nd d&#8217;G\u00e4st sich vo d\u00e4 wundervoll\u00e4 Kl\u00e4ng zum Mitsumm\u00e4 und Mitsing\u00e4 hiriss\u00e4 loh.<\/p>\n\n\n\n<p>Und nat\u00fcrlich \u00fcsem ganz\u00e4 Team, wo wiedermol super f\u00fcrs Wohlbefind\u00e4 vo \u00fcsn\u00e4 G\u00e4scht gsorgt h\u00e4t, w\u00f6nd mir a d\u00e4r\u00e4 Stell nomol herzlich dank\u00e4.<\/p>\n<\/div>\n\n\n<hr class=\"wp-block-separator is-style-dots\"\/>\n\n<\/li><li class=\"wp-block-post post-286 post type-post status-publish format-standard hentry category-news\">\n<h2 class=\"has-text-align-center wp-block-post-title\">spontan\u00e4 Radiouftritt vo d\u00e4 Joli<\/h2>\n\n<div class=\"entry-content wp-block-post-content is-layout-flow wp-block-post-content-is-layout-flow\">\n<p class=\"has-text-align-center\"> Am 1. Dezember 2021 isch am Nomittag d&#8217;Postleitzahl vo Sulge im Radio cho > alli wo in Sulge wohned oder en Bezug zu Sulge hend, hend ihres Gl\u00fcck d\u00f6rfe probiere und ch\u00f6ne is Radiostudio al\u00fct\u00e4. So h\u00e4ts au d&#8217;Joli gmacht und h\u00e4t mit li\u00e4b\u00e4 Gr\u00fc\u00e4ss a alli G\u00e4scht und d&#8217;Jodelspatze \u00e4n Musigwunsch d\u00f6rf\u00e4 platzi\u00e4r\u00e4.  <\/p>\n\n\n\n<figure class=\"wp-block-audio\"><audio controls src=\"https:\/\/freihof-sulgen.ch\/wp-content\/uploads\/2022\/01\/2021-12-01-Radio-SRF-1-Joli-Freihof.mp3\"><\/audio><\/figure>\n<\/div>\n\n\n<hr class=\"wp-block-separator is-style-dots\"\/>\n\n<\/li><li class=\"wp-block-post post-46 post type-post status-publish format-standard has-post-thumbnail hentry category-news tag-hackbrett tag-kultur-und-kulinarik tag-saitetanz tag-stoeff-sutter tag-wortakrobatik\">\n<h2 class=\"has-text-align-center wp-block-post-title\">Wortakrobatik &#038; Saitetanz<\/h2>\n\n<div class=\"entry-content wp-block-post-content is-layout-flow wp-block-post-content-is-layout-flow\">\n<p style=\"font-size:40px\"><strong>11. Dezember 2021, 18.00 Uhr<\/strong><\/p>\n\n\n\n<p class=\"has-large-font-size\"><strong>Noch gu\u00e4t \u00e4m\u00e4 Johr isch es wieder sowiit:<\/strong><strong><\/strong><\/p>\n\n\n\n<p class=\"has-large-font-size\"><strong>D\u00e4 St\u00f6ff Sutter pr\u00e4sentiert erneut sini stilvoll\u00e4 und witzig\u00e4 Vers und zeigt eimol meh, wie er gekonnt mit W\u00f6rter cha jongliere.<\/strong><strong><\/strong><\/p>\n\n\n\n<p class=\"has-large-font-size\"><strong>Uf \u00e4m Hackbrett loht d&#8217;Nadine Weber d&#8217;Saite tanz\u00e4 und sorgt f\u00fcr kling\u00e4ndi Zw\u00fcsch\u00e4g\u00e4ng.<\/strong><\/p>\n\n\n\n<p class=\"has-large-font-size\"><strong>Au f\u00fcr&#8217;s kulinarische Wohlbefind\u00e4 isch mit \u00e4m\u00e4<\/strong> <strong>5-Gang-\u00dcberraschigsmen\u00fc bestens gsorgt.<\/strong><\/p>\n\n\n\n<p class=\"has-large-font-size\">Fr. 58.- inkl. Men\u00fc und Unterhaltig, exkl. Getr\u00e4nk.<\/p>\n\n\n\n<p class=\"has-large-font-size\">Num\u00e4 mit Reservation! Sichere dir jetzt dini Pl\u00e4tz und l\u00fct a: <strong>071 636 11 07<\/strong><\/p>\n\n\n\n<p>Mir freued \u00fcs sehr!<\/p>\n<\/div>\n\n\n<hr class=\"wp-block-separator is-style-dots\"\/>\n\n<\/li><li class=\"wp-block-post post-36 post type-post status-publish format-standard hentry category-news\">\n<h2 class=\"has-text-align-center wp-block-post-title\">Startschuss &#8211; ein Mordsspass<\/h2>\n\n<div class=\"entry-content wp-block-post-content is-layout-flow wp-block-post-content-is-layout-flow\">\n<p class=\"has-text-align-center has-large-font-size\">Am <strong>6. und 7. November 2021<\/strong> spielt d&#8217;Theatergruppe AachThurLand im Freihof. Mit \u00e4m\u00e4 4-Gang-Men\u00fc w\u00e4rded d&#8217;G\u00e4ste w\u00e4hrend d\u00e4 spannenden Geschehnis kulinarisch verw\u00f6hnt.<\/p>\n\n\n\n<p class=\"has-text-align-center has-large-font-size\">Letschti Pl\u00e4tz sind <a href=\"https:\/\/res.ticketleo.com\/19989\/startschuss---ein-mordsspass\">do<\/a> z&#8217;ergatter\u00e4.<\/p>\n\n\n\n<div class=\"wp-block-image\"><figure class=\"aligncenter size-large\"><img loading=\"lazy\" decoding=\"async\" width=\"724\" height=\"1024\" src=\"https:\/\/freihof-sulgen.ch\/wp-content\/uploads\/2021\/10\/20211027_155213000_iOS-724x1024.jpg\" alt=\"\" class=\"wp-image-32\" srcset=\"https:\/\/freihof-sulgen.ch\/wp-content\/uploads\/2021\/10\/20211027_155213000_iOS-724x1024.jpg 724w, https:\/\/freihof-sulgen.ch\/wp-content\/uploads\/2021\/10\/20211027_155213000_iOS-212x300.jpg 212w, https:\/\/freihof-sulgen.ch\/wp-content\/uploads\/2021\/10\/20211027_155213000_iOS-768x1087.jpg 768w, https:\/\/freihof-sulgen.ch\/wp-content\/uploads\/2021\/10\/20211027_155213000_iOS-1085x1536.jpg 1085w, https:\/\/freihof-sulgen.ch\/wp-content\/uploads\/2021\/10\/20211027_155213000_iOS-1200x1698.jpg 1200w, https:\/\/freihof-sulgen.ch\/wp-content\/uploads\/2021\/10\/20211027_155213000_iOS.jpg 1447w\" sizes=\"(max-width: 724px) 100vw, 724px\" \/><\/figure><\/div>\n\n\n\n<p><\/p>\n<\/div>\n\n\n<hr class=\"wp-block-separator is-style-dots\"\/>\n\n<\/li><li class=\"wp-block-post post-284 post type-post status-publish format-standard hentry category-news\">\n<h2 class=\"has-text-align-center wp-block-post-title\">Statt Besenbeiz nun Restaurant<\/h2>\n\n<div class=\"entry-content wp-block-post-content is-layout-flow wp-block-post-content-is-layout-flow\">\n<div class=\"wp-block-buttons alignwide is-content-justification-center is-layout-flex wp-block-buttons-is-layout-flex\">\n<div class=\"wp-block-button\"><a class=\"wp-block-button__link\" href=\"https:\/\/www.tagblatt.ch\/ostschweiz\/kreuzlingen\/statt-besenbeiz-nun-restaurant-in-sulgen-wird-der-traditionelle-freihof-weitergefuehrt-und-die-neuen-wirte-erfuellen-sich-einen-wunsch-ld.1251768\" target=\"_blank\" rel=\"noreferrer noopener\">Zum Artikel im Tagblatt<\/a><\/div>\n<\/div>\n\n\n\n<p><\/p>\n<\/div>\n\n\n<hr class=\"wp-block-separator is-style-dots\"\/>\n\n<\/li><li class=\"wp-block-post post-281 post type-post status-publish format-standard hentry category-news\">\n<h2 class=\"has-text-align-center wp-block-post-title\">Wiederer\u00f6ffnung als Nichtraucher-Restaurant<\/h2>\n\n<div class=\"entry-content wp-block-post-content is-layout-flow wp-block-post-content-is-layout-flow\">\n<div class=\"wp-block-image is-style-default\"><figure class=\"aligncenter size-full\"><img loading=\"lazy\" decoding=\"async\" width=\"792\" height=\"1024\" src=\"https:\/\/freihof-sulgen.ch\/wp-content\/uploads\/2022\/01\/Comic-Ankuendigung.jpeg\" alt=\"\" class=\"wp-image-221\" srcset=\"https:\/\/freihof-sulgen.ch\/wp-content\/uploads\/2022\/01\/Comic-Ankuendigung.jpeg 792w, https:\/\/freihof-sulgen.ch\/wp-content\/uploads\/2022\/01\/Comic-Ankuendigung-232x300.jpeg 232w, https:\/\/freihof-sulgen.ch\/wp-content\/uploads\/2022\/01\/Comic-Ankuendigung-768x993.jpeg 768w\" sizes=\"(max-width: 792px) 100vw, 792px\" \/><\/figure><\/div>\n<\/div>\n\n\n<hr class=\"wp-block-separator is-style-dots\"\/>\n\n<\/li><\/ul><\/div>\n","protected":false},"excerpt":{"rendered":"","protected":false},"author":2,"featured_media":0,"parent":0,"menu_order":0,"comment_status":"closed","ping_status":"closed","template":"templates\/template-full-width.php","meta":{"footnotes":""},"_links":{"self":[{"href":"https:\/\/freihof-sulgen.ch\/index.php?rest_route=\/wp\/v2\/pages\/299"}],"collection":[{"href":"https:\/\/freihof-sulgen.ch\/index.php?rest_route=\/wp\/v2\/pages"}],"about":[{"href":"https:\/\/freihof-sulgen.ch\/index.php?rest_route=\/wp\/v2\/types\/page"}],"author":[{"embeddable":true,"href":"https:\/\/freihof-sulgen.ch\/index.php?rest_route=\/wp\/v2\/users\/2"}],"replies":[{"embeddable":true,"href":"https:\/\/freihof-sulgen.ch\/index.php?rest_route=%2Fwp%2Fv2%2Fcomments&post=299"}],"version-history":[{"count":4,"href":"https:\/\/freihof-sulgen.ch\/index.php?rest_route=\/wp\/v2\/pages\/299\/revisions"}],"predecessor-version":[{"id":327,"href":"https:\/\/freihof-sulgen.ch\/index.php?rest_route=\/wp\/v2\/pages\/299\/revisions\/327"}],"wp:attachment":[{"href":"https:\/\/freihof-sulgen.ch\/index.php?rest_route=%2Fwp%2Fv2%2Fmedia&parent=299"}],"curies":[{"name":"wp","href":"https:\/\/api.w.org\/{rel}","templated":true}]}}